{"id":339,"date":"2018-09-03T10:36:21","date_gmt":"2018-09-03T08:36:21","guid":{"rendered":"http:\/\/gzuk.urszulin.eu\/?page_id=339"},"modified":"2024-03-10T08:36:39","modified_gmt":"2024-03-10T07:36:39","slug":"rodo","status":"publish","type":"page","link":"https:\/\/gzuk.urszulin.eu\/index.php\/rodo\/","title":{"rendered":"RODO"},"content":{"rendered":"<strong>Klauzula informacyjna o przetwarzaniu danych osobowych<\/strong>\r\n\r\nRealizuj\u0105c obowi\u0105zek wynikaj\u0105cy z art. 13 ust. 1 i ust. 2 Rozporz\u0105dzenia Parlamentu Europejskiego i Rady (UE) 2016\/679 z\u00a027 kwietnia 2016 r. w sprawie ochrony os\u00f3b fizycznych w zwi\u0105zku z przetwarzaniem danych osobowych i\u00a0w sprawie swobodnego przep\u0142ywu takich danych oraz uchylenia dyrektywy 95\/46\/WE (og\u00f3lne rozporz\u0105dzenie o\u00a0ochronie danych osobowych), (zwanym dalej: RODO), informujemy Pani\u0105\/Pana, i\u017c jako administrator Pani\/Pana danych osobowych dzia\u0142amy w oparciu o\u00a0przepisy prawa. Informujemy o\u00a0celu, sposobie oraz prawach jakie przys\u0142uguj\u0105 Pani\/Panu wynikaj\u0105cych z\u00a0przepis\u00f3w prawa o ochronie danych osobowych:\r\n<ol>\r\n \t<li><strong>Administrator danych osobowych<\/strong><\/li>\r\n<\/ol>\r\nAdministratorem Pani\/Pana danych jest<strong> Gminny Zak\u0142ad Us\u0142ug Komunalnych Sp. z o.o. <\/strong>z siedzib\u0105 w Urszulinie przy\u00a0<strong>ul.\u00a0Szkolnej\u00a017, 22-234 Urszulin<\/strong>, tel. <strong>82-571-30 -66<\/strong>, e-mail: <strong>gzuk@urszulin.eu<\/strong><strong>.<\/strong>\r\n<ol start=\"2\">\r\n \t<li><strong>Inspektor Ochrony Danych<\/strong><\/li>\r\n<\/ol>\r\nWyznaczyli\u015bmy Inspektora Ochrony Danych, z kt\u00f3rym mo\u017ce si\u0119 Pani\/Pan skontaktowa\u0107 w sprawach ochrony swoich danych osobowych i realizacji swoich praw przez e-mail: <strong>gzuk<\/strong><strong>@urszulin.eu<\/strong>\u00a0lub pisemnie na adres siedziby wskazany w\u00a0pkt. 1.\r\n<ol start=\"3\">\r\n \t<li><strong>Cele oraz podstawa prawna przetwarzania Pani\/Pana danych osobowych <\/strong><strong style=\"font-size: 1rem;\">Gminny Zak\u0142ad Us\u0142ug Komunalnych Sp. z o.o. przetwarza Pani\/Pana dane osobowe w celu:<\/strong><\/li>\r\n<\/ol>\r\n<ul>\r\n \t<li>Pani\/Pana dane osobowe przetwarzane b\u0119d\u0105 w celu realizacji ustawowych zada\u0144 ci\u0105\u017c\u0105cych na administratorze na podstawie obowi\u0105zuj\u0105cych przepis\u00f3w prawa, zawartych um\u00f3w oraz na podstawie udzielonej zgody;<\/li>\r\n \t<li>osoba, kt\u00f3rej dane dotycz\u0105 wyrazi\u0142a zgod\u0119 na przetwarzanie swoich danych osobowych w jednym lub wi\u0119kszej liczbie okre\u015blonych cel\u00f3w (art. 6 ust. 1 lit. a RODO) ;<\/li>\r\n \t<li>przetwarzanie jest niezb\u0119dne do wykonania umowy kt\u00f3rej stron\u0105 jest osoba, kt\u00f3rej dane dotycz\u0105, lub do podj\u0119cia dzia\u0142a\u0144 na \u017c\u0105danie osoby, kt\u00f3rej dane dotycz\u0105 przed zawarciem umowy (art. 6 ust. 1 lit. b RODO);<\/li>\r\n \t<li>przetwarzanie jest niezb\u0119dne do wype\u0142nienia obowi\u0105zku prawnego ci\u0105\u017c\u0105cego na administratorze (art.6\u00a0ust.\u00a01\u00a0lit.\u00a0c\u00a0RODO);<\/li>\r\n<\/ul>\r\n<ol start=\"4\">\r\n \t<li><strong>Obowi\u0105zek podania danych osobowych<\/strong><\/li>\r\n<\/ol>\r\nPodanie przez Pani\u0105\/Pana danych osobowych jest dobrowolne jednak\u017ce niezb\u0119dne do zawarcia umowy czy te\u017c wykonania us\u0142ugi na Pani\/Pana rzecz.\r\n<ol start=\"5\">\r\n \t<li><strong>Odbiorcy danych<\/strong><\/li>\r\n<\/ol>\r\nW zwi\u0105zku z przetwarzaniem Pani\/Pana danych osobowych w celach wskazanych w pkt.3, Pani\/Pana dane osobowe mog\u0105 by\u0107 udost\u0119pniane nast\u0119puj\u0105cym odbiorcom b\u0105d\u017a kategoriom odbiorc\u00f3w:\r\n<ul>\r\n \t<li>organom w\u0142adzy publicznej oraz podmiotom wykonuj\u0105cym zadania publiczne lub dzia\u0142aj\u0105cym na zlecenie organ\u00f3w w\u0142adzy publicznej, w zakresie i w celach, kt\u00f3re wynikaj\u0105 z przepis\u00f3w prawa;<\/li>\r\n \t<li>podmiotom przetwarzaj\u0105cym dane osobowe kt\u00f3rych administratorem jest Gminny Zak\u0142ad Us\u0142ug Komunalnych w\u00a0Urszulinie Sp. z o. o. na podstawie zawartych um\u00f3w;<\/li>\r\n<\/ul>\r\n<ol start=\"6\">\r\n \t<li><strong>Okres przechowywania danych<\/strong><\/li>\r\n<\/ol>\r\nPani\/Pana dane osobowe b\u0119d\u0105 przetwarzane przez okres niezb\u0119dny do realizacji wskazanych w pkt. 3 cel\u00f3w, a\u00a0po tym czasie przez okres oraz w zakresie wymaganym przez przepisy prawa.\r\n<ol start=\"7\">\r\n \t<li><strong>Przekazanie danych do pa\u0144stw trzecich lub organizacji mi\u0119dzynarodowych:<\/strong><\/li>\r\n<\/ol>\r\nNie przekazujemy Pani\/Pana danych poza teren Polski, Europejskiego Obszaru Gospodarczego.\r\n<ol start=\"8\">\r\n \t<li><strong>Przys\u0142uguj\u0105 Pani\/Panu prawa w zwi\u0105zku z przetwarzaniem danych osobowych:<\/strong><\/li>\r\n<\/ol>\r\n<ul>\r\n \t<li>prawo dost\u0119pu do Pani\/Pana danych oraz otrzymania ich kopii,<\/li>\r\n \t<li>prawo do sprostowania (poprawiania) Pani\/Pana danych,<\/li>\r\n \t<li>prawo do usuni\u0119cia danych w przypadku nieuzasadnionego przetwarzania,<\/li>\r\n \t<li>ograniczenia przetwarzania,<\/li>\r\n \t<li>prawo do wniesienia sprzeciwu wobec przetwarzania danych ze wzgl\u0119du na szczeg\u00f3ln\u0105 sytuacj\u0119, kt\u00f3ra Pani\/Pana zdaniem uzasadnia zaprzestanie przez nas przetwarzania obj\u0119tego sprzeciwem,<\/li>\r\n \t<li>prawo do wniesienia skargi do organu nadzorczego je\u017celi uwa\u017ca Pani\/Pan, \u017ce przetwarzamy Pani\/Pana dane niezgodnie z prawem, mo\u017ce Pani\/Pan z\u0142o\u017cy\u0107 w tej sprawie skarg\u0119 do Prezesa Urz\u0119du Ochrony Danych Osobowych lub innego w\u0142a\u015bciwego organu nadzorczego,<\/li>\r\n \t<li>prawo do cofni\u0119cia zgody bez wp\u0142ywu na zgodno\u015b\u0107 przetwarzania danych osobowych, kt\u00f3rego dokonano na\u00a0podstawie zgody przed jej cofni\u0119ciem,<\/li>\r\n \t<li>prawo do przenoszenia danych.<\/li>\r\n<\/ul>\r\n<ol start=\"9\">\r\n \t<li><strong>Pani\/Pana dane nie b\u0119d\u0105 przetwarzane w spos\u00f3b zautomatyzowany i nie b\u0119d\u0105 poddawane profilowaniu.<\/strong><\/li>\r\n<\/ol>\r\n<!-- \/wp:post-content -->","protected":false},"excerpt":{"rendered":"<p>Klauzula informacyjna o przetwarzaniu danych osobowych Realizuj\u0105c obowi\u0105zek wynikaj\u0105cy z art. 13 ust. 1 i ust. 2 Rozporz\u0105dzenia Parlamentu Europejskiego i Rady (UE) 2016\/679 z\u00a027 kwietnia 2016 r. w sprawie ochrony os\u00f3b fizycznych w zwi\u0105zku z przetwarzaniem danych osobowych i\u00a0w &hellip;<\/p>\n<p class=\"read-more\"> <a class=\"more-link\" href=\"https:\/\/gzuk.urszulin.eu\/index.php\/rodo\/\"> <span class=\"screen-reader-text\">RODO<\/span> Czytaj wi\u0119cej  &raquo;<\/a><\/p>\n","protected":false},"author":1,"featured_media":0,"parent":0,"menu_order":0,"comment_status":"closed","ping_status":"closed","template":"","meta":{"footnotes":""},"class_list":["post-339","page","type-page","status-publish","hentry"],"_links":{"self":[{"href":"https:\/\/gzuk.urszulin.eu\/index.php\/wp-json\/wp\/v2\/pages\/339","targetHints":{"allow":["GET"]}}],"collection":[{"href":"https:\/\/gzuk.urszulin.eu\/index.php\/wp-json\/wp\/v2\/pages"}],"about":[{"href":"https:\/\/gzuk.urszulin.eu\/index.php\/wp-json\/wp\/v2\/types\/page"}],"author":[{"embeddable":true,"href":"https:\/\/gzuk.urszulin.eu\/index.php\/wp-json\/wp\/v2\/users\/1"}],"replies":[{"embeddable":true,"href":"https:\/\/gzuk.urszulin.eu\/index.php\/wp-json\/wp\/v2\/comments?post=339"}],"version-history":[{"count":7,"href":"https:\/\/gzuk.urszulin.eu\/index.php\/wp-json\/wp\/v2\/pages\/339\/revisions"}],"predecessor-version":[{"id":1053,"href":"https:\/\/gzuk.urszulin.eu\/index.php\/wp-json\/wp\/v2\/pages\/339\/revisions\/1053"}],"wp:attachment":[{"href":"https:\/\/gzuk.urszulin.eu\/index.php\/wp-json\/wp\/v2\/media?parent=339"}],"curies":[{"name":"wp","href":"https:\/\/api.w.org\/{rel}","templated":true}]}}